{"id":14089,"date":"2023-12-11T11:17:04","date_gmt":"2023-12-11T11:17:04","guid":{"rendered":"https:\/\/www.kalina-gallery.cz\/?page_id=14089"},"modified":"2024-02-06T14:30:18","modified_gmt":"2024-02-06T14:30:18","slug":"milkov-stefan","status":"publish","type":"page","link":"https:\/\/www.kalina-gallery.cz\/en\/milkov-stefan\/","title":{"rendered":"Milkov Stefan"},"content":{"rendered":"\t\t<div data-elementor-type=\"wp-page\" data-elementor-id=\"14089\" class=\"elementor elementor-14089\" data-elementor-post-type=\"page\">\n\t\t\t\t\t\t<section class=\"elementor-section elementor-top-section elementor-element elementor-element-4e6d745 elementor-section-boxed elementor-section-height-default elementor-section-height-default qodef-elementor-content-no qodef-elementor-stretch-row-no qodef-elementor-overlay-no\" data-id=\"4e6d745\" data-element_type=\"section\" data-e-type=\"section\">\n\t\t\t\t\t\t<div class=\"elementor-container elementor-column-gap-default\">\n\t\t\t\t\t<div class=\"elementor-column elementor-col-66 elementor-top-column elementor-element elementor-element-f7bce59\" data-id=\"f7bce59\" data-element_type=\"column\" data-e-type=\"column\">\n\t\t\t<div class=\"elementor-widget-wrap elementor-element-populated\">\n\t\t\t\t\t\t<div class=\"elementor-element elementor-element-8231c75 elementor-widget elementor-widget-text-editor\" data-id=\"8231c75\" data-element_type=\"widget\" data-e-type=\"widget\" data-widget_type=\"text-editor.default\">\n\t\t\t\t<div class=\"elementor-widget-container\">\n\t\t\t\t\t\t\t\t\t<p><strong>Stefan Milkov (1955)<\/strong><\/p><p>je absolventem Vysok\u00e9 \u0161koly um\u011bleckopr\u016fmyslov\u00e9 v Praze, dnes ji\u017e pat\u0159\u00ed ke klasik\u016fm \u010desk\u00e9ho socha\u0159stv\u00ed, vstupuj\u00edc\u00edho na v\u00fdtvarnou sc\u00e9nu v druh\u00e9 polovin\u011b 80. let. Je spoluzakladatelem skupiny Tvrdohlav\u00fdch v roce 1987. \u017dije a tvo\u0159\u00ed v Praze.\u00a0<\/p><p>Jeho p\u0159\u00edstup k tvorb\u011b je postmodern\u00ed, ale je v n\u011bm skryt obdiv i ke klasick\u00e9mu modern\u00edmu socha\u0159stv\u00ed prvn\u00ed poloviny 20. stolet\u00ed. Vytvo\u0159il zvl\u00e1\u0161tn\u00ed jazyk, kde se prol\u00edn\u00e1 ironie, humor a parodie s jakousi d\u016fstojnost\u00ed a \u00factou k starobyl\u00fdm symbol\u016fm.<\/p><p>Vedle figur\u00e1ln\u00edch plastik vytv\u00e1\u0159\u00ed tak\u00e9 abstraktn\u00ed sochy, v nich\u017e zpracov\u00e1v\u00e1 r\u016fzn\u00e9 tvary a vztahy ve vz\u00e1jemn\u00e9 interakci. N\u011bkdy se prolne tato jednoduch\u00e1 abstraktn\u00ed forma i do figur\u00e1ln\u00edch d\u011bl. Sochy jsou \u010dasto zjednodu\u0161eny, stylizov\u00e1ny do z\u00e1kladn\u00edch tvar\u016f, n\u011bkdy osciluj\u00edc\u00edch mezi organick\u00fdm a geometrick\u00fdm tvaroslov\u00edm. Stefan Milkov nepostr\u00e1d\u00e1 monument\u00e1ln\u00ed c\u00edt\u011bn\u00ed a je autorem mnoha \u00fasp\u011b\u0161n\u00fdch realizac\u00ed do ve\u0159ejn\u00e9ho prostoru.<\/p>\t\t\t\t\t\t\t\t<\/div>\n\t\t\t\t<\/div>\n\t\t\t\t\t<\/div>\n\t\t<\/div>\n\t\t\t\t<div class=\"elementor-column elementor-col-33 elementor-top-column elementor-element elementor-element-ee2bf4a\" data-id=\"ee2bf4a\" data-element_type=\"column\" data-e-type=\"column\">\n\t\t\t<div class=\"elementor-widget-wrap elementor-element-populated\">\n\t\t\t\t\t\t<div class=\"elementor-element elementor-element-3551685 elementor-widget elementor-widget-image\" data-id=\"3551685\" data-element_type=\"widget\" data-e-type=\"widget\" data-widget_type=\"image.default\">\n\t\t\t\t<div class=\"elementor-widget-container\">\n\t\t\t\t\t\t\t\t\t\t\t\t\t\t\t<img fetchpriority=\"high\" decoding=\"async\" width=\"225\" height=\"281\" src=\"https:\/\/www.kalina-gallery.cz\/wp-content\/uploads\/2023\/12\/Stefan_Milkov_2018.jpg\" class=\"attachment-zermatt_image_size_portrait size-zermatt_image_size_portrait wp-image-14157\" alt=\"\" srcset=\"https:\/\/www.kalina-gallery.cz\/wp-content\/uploads\/2023\/12\/Stefan_Milkov_2018.jpg 225w, https:\/\/www.kalina-gallery.cz\/wp-content\/uploads\/2023\/12\/Stefan_Milkov_2018-10x12.jpg 10w\" sizes=\"(max-width: 225px) 100vw, 225px\" \/>\t\t\t\t\t\t\t\t\t\t\t\t\t\t\t<\/div>\n\t\t\t\t<\/div>\n\t\t\t\t\t<\/div>\n\t\t<\/div>\n\t\t\t\t\t<\/div>\n\t\t<\/section>\n\t\t\t\t<section class=\"elementor-section elementor-top-section elementor-element elementor-element-1688d05 elementor-section-boxed elementor-section-height-default elementor-section-height-default qodef-elementor-content-no qodef-elementor-stretch-row-no qodef-elementor-overlay-no\" data-id=\"1688d05\" data-element_type=\"section\" data-e-type=\"section\">\n\t\t\t\t\t\t<div class=\"elementor-container elementor-column-gap-default\">\n\t\t\t\t\t<div class=\"elementor-column elementor-col-100 elementor-top-column elementor-element elementor-element-14c9ff2\" data-id=\"14c9ff2\" data-element_type=\"column\" data-e-type=\"column\">\n\t\t\t<div class=\"elementor-widget-wrap elementor-element-populated\">\n\t\t\t\t\t\t<div class=\"elementor-element elementor-element-5060ce0 elementor-widget-divider--view-line elementor-widget elementor-widget-divider\" data-id=\"5060ce0\" data-element_type=\"widget\" data-e-type=\"widget\" data-widget_type=\"divider.default\">\n\t\t\t\t<div class=\"elementor-widget-container\">\n\t\t\t\t\t\t\t<div class=\"elementor-divider\">\n\t\t\t<span class=\"elementor-divider-separator\">\n\t\t\t\t\t\t<\/span>\n\t\t<\/div>\n\t\t\t\t\t\t<\/div>\n\t\t\t\t<\/div>\n\t\t\t\t<div class=\"elementor-element elementor-element-acc1015 elementor-widget elementor-widget-zermatt_core_portfolio_list\" data-id=\"acc1015\" data-element_type=\"widget\" data-e-type=\"widget\" data-widget_type=\"zermatt_core_portfolio_list.default\">\n\t\t\t\t<div class=\"elementor-widget-container\">\n\t\t\t\t\t<div class=\"qodef-shortcode qodef-m  qodef-portfolio-list   qodef-item-layout--info-below   qodef-grid qodef-layout--columns  qodef-gutter--normal qodef-col-num--3 qodef-item-layout--info-below qodef--no-bottom-space qodef-pagination--off qodef-responsive--predefined qodef-hover-animation--view_cursor\" data-options=\"{&quot;plugin&quot;:&quot;zermatt_core&quot;,&quot;module&quot;:&quot;post-types\\\/portfolio\\\/shortcodes&quot;,&quot;shortcode&quot;:&quot;portfolio-list&quot;,&quot;post_type&quot;:&quot;portfolio-item&quot;,&quot;next_page&quot;:&quot;2&quot;,&quot;max_pages_num&quot;:0,&quot;light_skin&quot;:&quot;no&quot;,&quot;behavior&quot;:&quot;columns&quot;,&quot;images_proportion&quot;:&quot;full&quot;,&quot;columns&quot;:&quot;3&quot;,&quot;columns_responsive&quot;:&quot;predefined&quot;,&quot;space&quot;:&quot;normal&quot;,&quot;posts_per_page&quot;:&quot;-1&quot;,&quot;orderby&quot;:&quot;date&quot;,&quot;order&quot;:&quot;DESC&quot;,&quot;additional_params&quot;:&quot;tax&quot;,&quot;tax&quot;:&quot;portfolio-tag&quot;,&quot;tax_slug&quot;:&quot;milkov-stefan&quot;,&quot;layout&quot;:&quot;info-below&quot;,&quot;hover_animation_info-below&quot;:&quot;view_cursor&quot;,&quot;title_tag&quot;:&quot;h5&quot;,&quot;custom_padding&quot;:&quot;no&quot;,&quot;pagination_type&quot;:&quot;no-pagination&quot;,&quot;object_class_name&quot;:&quot;ZermattCorePortfolioListShortcode&quot;,&quot;taxonomy_filter&quot;:&quot;portfolio-category&quot;,&quot;additional_query_args&quot;:{&quot;tax_query&quot;:[{&quot;taxonomy&quot;:&quot;portfolio-tag&quot;,&quot;field&quot;:&quot;slug&quot;,&quot;terms&quot;:&quot;milkov-stefan&quot;}]},&quot;space_value&quot;:15}\">\n\t\t<div class=\"qodef-grid-inner clear\">\n\t\t<article class=\"qodef-e qodef-grid-item qodef-item--full post-14473 portfolio-item type-portfolio-item status-publish has-post-thumbnail hentry portfolio-category-dilo portfolio-tag-milkov-stefan\">\n\t<div class=\"qodef-e-inner\" >\n\t\t<div class=\"qodef-e-image\">\n\t\t\t\t\t<div class=\"qodef-e-media-image\">\n\t\t\t<a itemprop=\"url\" href=\"https:\/\/www.kalina-gallery.cz\/en\/dilo\/muz-zasazeny-padlou-hvezdou-2\/\"\n\t\t\t\t\t\t\t>\n\t\t\t\t<img decoding=\"async\" width=\"1653\" height=\"977\" data-src=\"https:\/\/www.kalina-gallery.cz\/wp-content\/uploads\/2024\/02\/MUZ-ZASAZENY-PADLOU-HVEZDOU-1989BRONZD.92CM395tis.jpg\" class=\"attachment-full size-full wp-post-image lazyload\" alt=\"\" data-srcset=\"https:\/\/www.kalina-gallery.cz\/wp-content\/uploads\/2024\/02\/MUZ-ZASAZENY-PADLOU-HVEZDOU-1989BRONZD.92CM395tis.jpg 1653w, https:\/\/www.kalina-gallery.cz\/wp-content\/uploads\/2024\/02\/MUZ-ZASAZENY-PADLOU-HVEZDOU-1989BRONZD.92CM395tis-300x177.jpg 300w, https:\/\/www.kalina-gallery.cz\/wp-content\/uploads\/2024\/02\/MUZ-ZASAZENY-PADLOU-HVEZDOU-1989BRONZD.92CM395tis-1024x605.jpg 1024w, https:\/\/www.kalina-gallery.cz\/wp-content\/uploads\/2024\/02\/MUZ-ZASAZENY-PADLOU-HVEZDOU-1989BRONZD.92CM395tis-768x454.jpg 768w, https:\/\/www.kalina-gallery.cz\/wp-content\/uploads\/2024\/02\/MUZ-ZASAZENY-PADLOU-HVEZDOU-1989BRONZD.92CM395tis-1536x908.jpg 1536w, https:\/\/www.kalina-gallery.cz\/wp-content\/uploads\/2024\/02\/MUZ-ZASAZENY-PADLOU-HVEZDOU-1989BRONZD.92CM395tis-18x12.jpg 18w\" data-sizes=\"(max-width: 1653px) 100vw, 1653px\" src=\"data:image\/svg+xml;base64,PHN2ZyB3aWR0aD0iMSIgaGVpZ2h0PSIxIiB4bWxucz0iaHR0cDovL3d3dy53My5vcmcvMjAwMC9zdmciPjwvc3ZnPg==\" style=\"--smush-placeholder-width: 1653px; --smush-placeholder-aspect-ratio: 1653\/977;\" \/>\t\t\t<\/a>\n\t\t<\/div>\n\t\t\t<\/div>\n\t\t<div class=\"qodef-e-content\" >\n\t\t\t<h5 itemprop=\"name\" class=\"qodef-e-title entry-title\" >\n\t<a itemprop=\"url\" class=\"qodef-e-title-link\" href=\"https:\/\/www.kalina-gallery.cz\/en\/dilo\/muz-zasazeny-padlou-hvezdou-2\/\">\n\t\tMu\u017e zasa\u017een\u00fd padlou hv\u011bzdou\t<\/a>\n<\/h5>\t\t\t<div class=\"qodef-e-info-category\">\n\t\t\t<a itemprop=\"url\" class=\"qodef-e-category\" href=\"https:\/\/www.kalina-gallery.cz\/en\/portfolio-category\/dilo\/\">\n\t\t\tD\u00edlo\t\t<\/a>\n\t<\/div>\n\t\t\t\t\t<\/div>\n\t<\/div>\n<\/article><article class=\"qodef-e qodef-grid-item qodef-item--full post-14449 portfolio-item type-portfolio-item status-publish has-post-thumbnail hentry portfolio-category-dilo portfolio-tag-milkov-stefan\">\n\t<div class=\"qodef-e-inner\" >\n\t\t<div class=\"qodef-e-image\">\n\t\t\t\t\t<div class=\"qodef-e-media-image\">\n\t\t\t<a itemprop=\"url\" href=\"https:\/\/www.kalina-gallery.cz\/en\/dilo\/opily-andel\/\"\n\t\t\t\t\t\t\t>\n\t\t\t\t<img decoding=\"async\" width=\"294\" height=\"772\" data-src=\"https:\/\/www.kalina-gallery.cz\/wp-content\/uploads\/2024\/02\/OPILY-ANDELBRONZ-varianta-115cm395tis.var_.-60cm-235tis.jpg.jpg\" class=\"attachment-full size-full wp-post-image lazyload\" alt=\"\" data-srcset=\"https:\/\/www.kalina-gallery.cz\/wp-content\/uploads\/2024\/02\/OPILY-ANDELBRONZ-varianta-115cm395tis.var_.-60cm-235tis.jpg.jpg 294w, https:\/\/www.kalina-gallery.cz\/wp-content\/uploads\/2024\/02\/OPILY-ANDELBRONZ-varianta-115cm395tis.var_.-60cm-235tis.jpg-114x300.jpg 114w, https:\/\/www.kalina-gallery.cz\/wp-content\/uploads\/2024\/02\/OPILY-ANDELBRONZ-varianta-115cm395tis.var_.-60cm-235tis.jpg-5x12.jpg 5w\" data-sizes=\"(max-width: 294px) 100vw, 294px\" src=\"data:image\/svg+xml;base64,PHN2ZyB3aWR0aD0iMSIgaGVpZ2h0PSIxIiB4bWxucz0iaHR0cDovL3d3dy53My5vcmcvMjAwMC9zdmciPjwvc3ZnPg==\" style=\"--smush-placeholder-width: 294px; --smush-placeholder-aspect-ratio: 294\/772;\" \/>\t\t\t<\/a>\n\t\t<\/div>\n\t\t\t<\/div>\n\t\t<div class=\"qodef-e-content\" >\n\t\t\t<h5 itemprop=\"name\" class=\"qodef-e-title entry-title\" >\n\t<a itemprop=\"url\" class=\"qodef-e-title-link\" href=\"https:\/\/www.kalina-gallery.cz\/en\/dilo\/opily-andel\/\">\n\t\tOpil\u00fd and\u011bl\t<\/a>\n<\/h5>\t\t\t<div class=\"qodef-e-info-category\">\n\t\t\t<a itemprop=\"url\" class=\"qodef-e-category\" href=\"https:\/\/www.kalina-gallery.cz\/en\/portfolio-category\/dilo\/\">\n\t\t\tD\u00edlo\t\t<\/a>\n\t<\/div>\n\t\t\t\t\t<\/div>\n\t<\/div>\n<\/article><article class=\"qodef-e qodef-grid-item qodef-item--full post-14438 portfolio-item type-portfolio-item status-publish has-post-thumbnail hentry portfolio-category-dilo portfolio-tag-milkov-stefan\">\n\t<div class=\"qodef-e-inner\" >\n\t\t<div class=\"qodef-e-image\">\n\t\t\t\t\t<div class=\"qodef-e-media-image\">\n\t\t\t<a itemprop=\"url\" href=\"https:\/\/www.kalina-gallery.cz\/en\/dilo\/andel-a-vejce\/\"\n\t\t\t\t\t\t\t>\n\t\t\t\t<img decoding=\"async\" width=\"1449\" height=\"1080\" data-src=\"https:\/\/www.kalina-gallery.cz\/wp-content\/uploads\/2024\/02\/ANDEL-A-VEJCEBRONZV.30CM260tis.jpg\" class=\"attachment-full size-full wp-post-image lazyload\" alt=\"\" data-srcset=\"https:\/\/www.kalina-gallery.cz\/wp-content\/uploads\/2024\/02\/ANDEL-A-VEJCEBRONZV.30CM260tis.jpg 1449w, https:\/\/www.kalina-gallery.cz\/wp-content\/uploads\/2024\/02\/ANDEL-A-VEJCEBRONZV.30CM260tis-300x224.jpg 300w, https:\/\/www.kalina-gallery.cz\/wp-content\/uploads\/2024\/02\/ANDEL-A-VEJCEBRONZV.30CM260tis-1024x763.jpg 1024w, https:\/\/www.kalina-gallery.cz\/wp-content\/uploads\/2024\/02\/ANDEL-A-VEJCEBRONZV.30CM260tis-768x572.jpg 768w, https:\/\/www.kalina-gallery.cz\/wp-content\/uploads\/2024\/02\/ANDEL-A-VEJCEBRONZV.30CM260tis-16x12.jpg 16w\" data-sizes=\"(max-width: 1449px) 100vw, 1449px\" src=\"data:image\/svg+xml;base64,PHN2ZyB3aWR0aD0iMSIgaGVpZ2h0PSIxIiB4bWxucz0iaHR0cDovL3d3dy53My5vcmcvMjAwMC9zdmciPjwvc3ZnPg==\" style=\"--smush-placeholder-width: 1449px; --smush-placeholder-aspect-ratio: 1449\/1080;\" \/>\t\t\t<\/a>\n\t\t<\/div>\n\t\t\t<\/div>\n\t\t<div class=\"qodef-e-content\" >\n\t\t\t<h5 itemprop=\"name\" class=\"qodef-e-title entry-title\" >\n\t<a itemprop=\"url\" class=\"qodef-e-title-link\" href=\"https:\/\/www.kalina-gallery.cz\/en\/dilo\/andel-a-vejce\/\">\n\t\tAnd\u011bl a vejce\t<\/a>\n<\/h5>\t\t\t<div class=\"qodef-e-info-category\">\n\t\t\t<a itemprop=\"url\" class=\"qodef-e-category\" href=\"https:\/\/www.kalina-gallery.cz\/en\/portfolio-category\/dilo\/\">\n\t\t\tD\u00edlo\t\t<\/a>\n\t<\/div>\n\t\t\t\t\t<\/div>\n\t<\/div>\n<\/article><article class=\"qodef-e qodef-grid-item qodef-item--full post-14433 portfolio-item type-portfolio-item status-publish has-post-thumbnail hentry portfolio-category-dilo portfolio-tag-milkov-stefan\">\n\t<div class=\"qodef-e-inner\" >\n\t\t<div class=\"qodef-e-image\">\n\t\t\t\t\t<div class=\"qodef-e-media-image\">\n\t\t\t<a itemprop=\"url\" href=\"https:\/\/www.kalina-gallery.cz\/en\/dilo\/black-dog\/\"\n\t\t\t\t\t\t\t>\n\t\t\t\t<img decoding=\"async\" width=\"2560\" height=\"1874\" data-src=\"https:\/\/www.kalina-gallery.cz\/wp-content\/uploads\/2024\/02\/BLACK-DOG2013lest.hlinik80x60x20-cm410tis-scaled.jpg\" class=\"attachment-full size-full wp-post-image lazyload\" alt=\"\" data-srcset=\"https:\/\/www.kalina-gallery.cz\/wp-content\/uploads\/2024\/02\/BLACK-DOG2013lest.hlinik80x60x20-cm410tis-scaled.jpg 2560w, https:\/\/www.kalina-gallery.cz\/wp-content\/uploads\/2024\/02\/BLACK-DOG2013lest.hlinik80x60x20-cm410tis-300x220.jpg 300w, https:\/\/www.kalina-gallery.cz\/wp-content\/uploads\/2024\/02\/BLACK-DOG2013lest.hlinik80x60x20-cm410tis-1024x749.jpg 1024w, https:\/\/www.kalina-gallery.cz\/wp-content\/uploads\/2024\/02\/BLACK-DOG2013lest.hlinik80x60x20-cm410tis-768x562.jpg 768w, https:\/\/www.kalina-gallery.cz\/wp-content\/uploads\/2024\/02\/BLACK-DOG2013lest.hlinik80x60x20-cm410tis-1536x1124.jpg 1536w, https:\/\/www.kalina-gallery.cz\/wp-content\/uploads\/2024\/02\/BLACK-DOG2013lest.hlinik80x60x20-cm410tis-2048x1499.jpg 2048w, https:\/\/www.kalina-gallery.cz\/wp-content\/uploads\/2024\/02\/BLACK-DOG2013lest.hlinik80x60x20-cm410tis-16x12.jpg 16w\" data-sizes=\"(max-width: 2560px) 100vw, 2560px\" src=\"data:image\/svg+xml;base64,PHN2ZyB3aWR0aD0iMSIgaGVpZ2h0PSIxIiB4bWxucz0iaHR0cDovL3d3dy53My5vcmcvMjAwMC9zdmciPjwvc3ZnPg==\" style=\"--smush-placeholder-width: 2560px; --smush-placeholder-aspect-ratio: 2560\/1874;\" \/>\t\t\t<\/a>\n\t\t<\/div>\n\t\t\t<\/div>\n\t\t<div class=\"qodef-e-content\" >\n\t\t\t<h5 itemprop=\"name\" class=\"qodef-e-title entry-title\" >\n\t<a itemprop=\"url\" class=\"qodef-e-title-link\" href=\"https:\/\/www.kalina-gallery.cz\/en\/dilo\/black-dog\/\">\n\t\tBlack dog\t<\/a>\n<\/h5>\t\t\t<div class=\"qodef-e-info-category\">\n\t\t\t<a itemprop=\"url\" class=\"qodef-e-category\" href=\"https:\/\/www.kalina-gallery.cz\/en\/portfolio-category\/dilo\/\">\n\t\t\tD\u00edlo\t\t<\/a>\n\t<\/div>\n\t\t\t\t\t<\/div>\n\t<\/div>\n<\/article><article class=\"qodef-e qodef-grid-item qodef-item--full post-14423 portfolio-item type-portfolio-item status-publish has-post-thumbnail hentry portfolio-category-dilo portfolio-tag-milkov-stefan\">\n\t<div class=\"qodef-e-inner\" >\n\t\t<div class=\"qodef-e-image\">\n\t\t\t\t\t<div class=\"qodef-e-media-image\">\n\t\t\t<a itemprop=\"url\" href=\"https:\/\/www.kalina-gallery.cz\/en\/dilo\/dynamikon-maly\/\"\n\t\t\t\t\t\t\t>\n\t\t\t\t<img decoding=\"async\" width=\"2560\" height=\"2051\" data-src=\"https:\/\/www.kalina-gallery.cz\/wp-content\/uploads\/2024\/02\/DYNAMIKON-maly2017pat.bronz40x28x16-cm-scaled.jpg\" class=\"attachment-full size-full wp-post-image lazyload\" alt=\"\" data-srcset=\"https:\/\/www.kalina-gallery.cz\/wp-content\/uploads\/2024\/02\/DYNAMIKON-maly2017pat.bronz40x28x16-cm-scaled.jpg 2560w, https:\/\/www.kalina-gallery.cz\/wp-content\/uploads\/2024\/02\/DYNAMIKON-maly2017pat.bronz40x28x16-cm-300x240.jpg 300w, https:\/\/www.kalina-gallery.cz\/wp-content\/uploads\/2024\/02\/DYNAMIKON-maly2017pat.bronz40x28x16-cm-1024x821.jpg 1024w, https:\/\/www.kalina-gallery.cz\/wp-content\/uploads\/2024\/02\/DYNAMIKON-maly2017pat.bronz40x28x16-cm-768x615.jpg 768w, https:\/\/www.kalina-gallery.cz\/wp-content\/uploads\/2024\/02\/DYNAMIKON-maly2017pat.bronz40x28x16-cm-1536x1231.jpg 1536w, https:\/\/www.kalina-gallery.cz\/wp-content\/uploads\/2024\/02\/DYNAMIKON-maly2017pat.bronz40x28x16-cm-2048x1641.jpg 2048w, https:\/\/www.kalina-gallery.cz\/wp-content\/uploads\/2024\/02\/DYNAMIKON-maly2017pat.bronz40x28x16-cm-15x12.jpg 15w\" data-sizes=\"(max-width: 2560px) 100vw, 2560px\" src=\"data:image\/svg+xml;base64,PHN2ZyB3aWR0aD0iMSIgaGVpZ2h0PSIxIiB4bWxucz0iaHR0cDovL3d3dy53My5vcmcvMjAwMC9zdmciPjwvc3ZnPg==\" style=\"--smush-placeholder-width: 2560px; --smush-placeholder-aspect-ratio: 2560\/2051;\" \/>\t\t\t<\/a>\n\t\t<\/div>\n\t\t\t<\/div>\n\t\t<div class=\"qodef-e-content\" >\n\t\t\t<h5 itemprop=\"name\" class=\"qodef-e-title entry-title\" >\n\t<a itemprop=\"url\" class=\"qodef-e-title-link\" href=\"https:\/\/www.kalina-gallery.cz\/en\/dilo\/dynamikon-maly\/\">\n\t\tDynamikon (mal\u00fd)\t<\/a>\n<\/h5>\t\t\t<div class=\"qodef-e-info-category\">\n\t\t\t<a itemprop=\"url\" class=\"qodef-e-category\" href=\"https:\/\/www.kalina-gallery.cz\/en\/portfolio-category\/dilo\/\">\n\t\t\tD\u00edlo\t\t<\/a>\n\t<\/div>\n\t\t\t\t\t<\/div>\n\t<\/div>\n<\/article><article class=\"qodef-e qodef-grid-item qodef-item--full post-14417 portfolio-item type-portfolio-item status-publish has-post-thumbnail hentry portfolio-category-dilo portfolio-tag-milkov-stefan\">\n\t<div class=\"qodef-e-inner\" >\n\t\t<div class=\"qodef-e-image\">\n\t\t\t\t\t<div class=\"qodef-e-media-image\">\n\t\t\t<a itemprop=\"url\" href=\"https:\/\/www.kalina-gallery.cz\/en\/dilo\/franz-kafka\/\"\n\t\t\t\t\t\t\t>\n\t\t\t\t<img decoding=\"async\" width=\"520\" height=\"780\" data-src=\"https:\/\/www.kalina-gallery.cz\/wp-content\/uploads\/2024\/02\/FRANZ-KAFKA2000BRONZV.50CM250tis.jpg\" class=\"attachment-full size-full wp-post-image lazyload\" alt=\"\" data-srcset=\"https:\/\/www.kalina-gallery.cz\/wp-content\/uploads\/2024\/02\/FRANZ-KAFKA2000BRONZV.50CM250tis.jpg 520w, https:\/\/www.kalina-gallery.cz\/wp-content\/uploads\/2024\/02\/FRANZ-KAFKA2000BRONZV.50CM250tis-200x300.jpg 200w, https:\/\/www.kalina-gallery.cz\/wp-content\/uploads\/2024\/02\/FRANZ-KAFKA2000BRONZV.50CM250tis-8x12.jpg 8w\" data-sizes=\"(max-width: 520px) 100vw, 520px\" src=\"data:image\/svg+xml;base64,PHN2ZyB3aWR0aD0iMSIgaGVpZ2h0PSIxIiB4bWxucz0iaHR0cDovL3d3dy53My5vcmcvMjAwMC9zdmciPjwvc3ZnPg==\" style=\"--smush-placeholder-width: 520px; --smush-placeholder-aspect-ratio: 520\/780;\" \/>\t\t\t<\/a>\n\t\t<\/div>\n\t\t\t<\/div>\n\t\t<div class=\"qodef-e-content\" >\n\t\t\t<h5 itemprop=\"name\" class=\"qodef-e-title entry-title\" >\n\t<a itemprop=\"url\" class=\"qodef-e-title-link\" href=\"https:\/\/www.kalina-gallery.cz\/en\/dilo\/franz-kafka\/\">\n\t\tFranz Kafka\t<\/a>\n<\/h5>\t\t\t<div class=\"qodef-e-info-category\">\n\t\t\t<a itemprop=\"url\" class=\"qodef-e-category\" href=\"https:\/\/www.kalina-gallery.cz\/en\/portfolio-category\/dilo\/\">\n\t\t\tD\u00edlo\t\t<\/a>\n\t<\/div>\n\t\t\t\t\t<\/div>\n\t<\/div>\n<\/article><article class=\"qodef-e qodef-grid-item qodef-item--full post-14410 portfolio-item type-portfolio-item status-publish has-post-thumbnail hentry portfolio-category-dilo portfolio-tag-milkov-stefan\">\n\t<div class=\"qodef-e-inner\" >\n\t\t<div class=\"qodef-e-image\">\n\t\t\t\t\t<div class=\"qodef-e-media-image\">\n\t\t\t<a itemprop=\"url\" href=\"https:\/\/www.kalina-gallery.cz\/en\/dilo\/jezdec\/\"\n\t\t\t\t\t\t\t>\n\t\t\t\t<img decoding=\"async\" width=\"1440\" height=\"1080\" data-src=\"https:\/\/www.kalina-gallery.cz\/wp-content\/uploads\/2024\/02\/JEZDEC1988BRONZD.47CM260tis.jpg\" class=\"attachment-full size-full wp-post-image lazyload\" alt=\"\" data-srcset=\"https:\/\/www.kalina-gallery.cz\/wp-content\/uploads\/2024\/02\/JEZDEC1988BRONZD.47CM260tis.jpg 1440w, https:\/\/www.kalina-gallery.cz\/wp-content\/uploads\/2024\/02\/JEZDEC1988BRONZD.47CM260tis-300x225.jpg 300w, https:\/\/www.kalina-gallery.cz\/wp-content\/uploads\/2024\/02\/JEZDEC1988BRONZD.47CM260tis-1024x768.jpg 1024w, https:\/\/www.kalina-gallery.cz\/wp-content\/uploads\/2024\/02\/JEZDEC1988BRONZD.47CM260tis-768x576.jpg 768w, https:\/\/www.kalina-gallery.cz\/wp-content\/uploads\/2024\/02\/JEZDEC1988BRONZD.47CM260tis-16x12.jpg 16w\" data-sizes=\"(max-width: 1440px) 100vw, 1440px\" src=\"data:image\/svg+xml;base64,PHN2ZyB3aWR0aD0iMSIgaGVpZ2h0PSIxIiB4bWxucz0iaHR0cDovL3d3dy53My5vcmcvMjAwMC9zdmciPjwvc3ZnPg==\" style=\"--smush-placeholder-width: 1440px; --smush-placeholder-aspect-ratio: 1440\/1080;\" \/>\t\t\t<\/a>\n\t\t<\/div>\n\t\t\t<\/div>\n\t\t<div class=\"qodef-e-content\" >\n\t\t\t<h5 itemprop=\"name\" class=\"qodef-e-title entry-title\" >\n\t<a itemprop=\"url\" class=\"qodef-e-title-link\" href=\"https:\/\/www.kalina-gallery.cz\/en\/dilo\/jezdec\/\">\n\t\tJezdec\t<\/a>\n<\/h5>\t\t\t<div class=\"qodef-e-info-category\">\n\t\t\t<a itemprop=\"url\" class=\"qodef-e-category\" href=\"https:\/\/www.kalina-gallery.cz\/en\/portfolio-category\/dilo\/\">\n\t\t\tD\u00edlo\t\t<\/a>\n\t<\/div>\n\t\t\t\t\t<\/div>\n\t<\/div>\n<\/article><article class=\"qodef-e qodef-grid-item qodef-item--full post-14405 portfolio-item type-portfolio-item status-publish has-post-thumbnail hentry portfolio-category-dilo portfolio-tag-milkov-stefan\">\n\t<div class=\"qodef-e-inner\" >\n\t\t<div class=\"qodef-e-image\">\n\t\t\t\t\t<div class=\"qodef-e-media-image\">\n\t\t\t<a itemprop=\"url\" href=\"https:\/\/www.kalina-gallery.cz\/en\/dilo\/kentaur\/\"\n\t\t\t\t\t\t\t>\n\t\t\t\t<img decoding=\"async\" width=\"294\" height=\"696\" data-src=\"https:\/\/www.kalina-gallery.cz\/wp-content\/uploads\/2024\/02\/KENTAURLITINA-V.90CM295tis.jpg\" class=\"attachment-full size-full wp-post-image lazyload\" alt=\"\" data-srcset=\"https:\/\/www.kalina-gallery.cz\/wp-content\/uploads\/2024\/02\/KENTAURLITINA-V.90CM295tis.jpg 294w, https:\/\/www.kalina-gallery.cz\/wp-content\/uploads\/2024\/02\/KENTAURLITINA-V.90CM295tis-127x300.jpg 127w, https:\/\/www.kalina-gallery.cz\/wp-content\/uploads\/2024\/02\/KENTAURLITINA-V.90CM295tis-5x12.jpg 5w\" data-sizes=\"(max-width: 294px) 100vw, 294px\" src=\"data:image\/svg+xml;base64,PHN2ZyB3aWR0aD0iMSIgaGVpZ2h0PSIxIiB4bWxucz0iaHR0cDovL3d3dy53My5vcmcvMjAwMC9zdmciPjwvc3ZnPg==\" style=\"--smush-placeholder-width: 294px; --smush-placeholder-aspect-ratio: 294\/696;\" \/>\t\t\t<\/a>\n\t\t<\/div>\n\t\t\t<\/div>\n\t\t<div class=\"qodef-e-content\" >\n\t\t\t<h5 itemprop=\"name\" class=\"qodef-e-title entry-title\" >\n\t<a itemprop=\"url\" class=\"qodef-e-title-link\" href=\"https:\/\/www.kalina-gallery.cz\/en\/dilo\/kentaur\/\">\n\t\tKentaur\t<\/a>\n<\/h5>\t\t\t<div class=\"qodef-e-info-category\">\n\t\t\t<a itemprop=\"url\" class=\"qodef-e-category\" href=\"https:\/\/www.kalina-gallery.cz\/en\/portfolio-category\/dilo\/\">\n\t\t\tD\u00edlo\t\t<\/a>\n\t<\/div>\n\t\t\t\t\t<\/div>\n\t<\/div>\n<\/article><article class=\"qodef-e qodef-grid-item qodef-item--full post-14400 portfolio-item type-portfolio-item status-publish has-post-thumbnail hentry portfolio-category-dilo portfolio-tag-milkov-stefan\">\n\t<div class=\"qodef-e-inner\" >\n\t\t<div class=\"qodef-e-image\">\n\t\t\t\t\t<div class=\"qodef-e-media-image\">\n\t\t\t<a itemprop=\"url\" href=\"https:\/\/www.kalina-gallery.cz\/en\/dilo\/kosmicke-dite\/\"\n\t\t\t\t\t\t\t>\n\t\t\t\t<img decoding=\"async\" width=\"2278\" height=\"2560\" data-src=\"https:\/\/www.kalina-gallery.cz\/wp-content\/uploads\/2024\/02\/KOSMICKE-DITELESTENY-BRONZV.40CM290tis-scaled.jpg\" class=\"attachment-full size-full wp-post-image lazyload\" alt=\"\" data-srcset=\"https:\/\/www.kalina-gallery.cz\/wp-content\/uploads\/2024\/02\/KOSMICKE-DITELESTENY-BRONZV.40CM290tis-scaled.jpg 2278w, https:\/\/www.kalina-gallery.cz\/wp-content\/uploads\/2024\/02\/KOSMICKE-DITELESTENY-BRONZV.40CM290tis-267x300.jpg 267w, https:\/\/www.kalina-gallery.cz\/wp-content\/uploads\/2024\/02\/KOSMICKE-DITELESTENY-BRONZV.40CM290tis-911x1024.jpg 911w, https:\/\/www.kalina-gallery.cz\/wp-content\/uploads\/2024\/02\/KOSMICKE-DITELESTENY-BRONZV.40CM290tis-768x863.jpg 768w, https:\/\/www.kalina-gallery.cz\/wp-content\/uploads\/2024\/02\/KOSMICKE-DITELESTENY-BRONZV.40CM290tis-1367x1536.jpg 1367w, https:\/\/www.kalina-gallery.cz\/wp-content\/uploads\/2024\/02\/KOSMICKE-DITELESTENY-BRONZV.40CM290tis-1823x2048.jpg 1823w, https:\/\/www.kalina-gallery.cz\/wp-content\/uploads\/2024\/02\/KOSMICKE-DITELESTENY-BRONZV.40CM290tis-11x12.jpg 11w\" data-sizes=\"(max-width: 2278px) 100vw, 2278px\" src=\"data:image\/svg+xml;base64,PHN2ZyB3aWR0aD0iMSIgaGVpZ2h0PSIxIiB4bWxucz0iaHR0cDovL3d3dy53My5vcmcvMjAwMC9zdmciPjwvc3ZnPg==\" style=\"--smush-placeholder-width: 2278px; --smush-placeholder-aspect-ratio: 2278\/2560;\" \/>\t\t\t<\/a>\n\t\t<\/div>\n\t\t\t<\/div>\n\t\t<div class=\"qodef-e-content\" >\n\t\t\t<h5 itemprop=\"name\" class=\"qodef-e-title entry-title\" >\n\t<a itemprop=\"url\" class=\"qodef-e-title-link\" href=\"https:\/\/www.kalina-gallery.cz\/en\/dilo\/kosmicke-dite\/\">\n\t\tKosmick\u00e9 d\u00edt\u011b\t<\/a>\n<\/h5>\t\t\t<div class=\"qodef-e-info-category\">\n\t\t\t<a itemprop=\"url\" class=\"qodef-e-category\" href=\"https:\/\/www.kalina-gallery.cz\/en\/portfolio-category\/dilo\/\">\n\t\t\tD\u00edlo\t\t<\/a>\n\t<\/div>\n\t\t\t\t\t<\/div>\n\t<\/div>\n<\/article><article class=\"qodef-e qodef-grid-item qodef-item--full post-14394 portfolio-item type-portfolio-item status-publish has-post-thumbnail hentry portfolio-category-dilo portfolio-tag-milkov-stefan\">\n\t<div class=\"qodef-e-inner\" >\n\t\t<div class=\"qodef-e-image\">\n\t\t\t\t\t<div class=\"qodef-e-media-image\">\n\t\t\t<a itemprop=\"url\" href=\"https:\/\/www.kalina-gallery.cz\/en\/dilo\/kour\/\"\n\t\t\t\t\t\t\t>\n\t\t\t\t<img decoding=\"async\" width=\"896\" height=\"1018\" data-src=\"https:\/\/www.kalina-gallery.cz\/wp-content\/uploads\/2024\/02\/KOURBRONZV.40CM235tis.jpg\" class=\"attachment-full size-full wp-post-image lazyload\" alt=\"\" data-srcset=\"https:\/\/www.kalina-gallery.cz\/wp-content\/uploads\/2024\/02\/KOURBRONZV.40CM235tis.jpg 896w, https:\/\/www.kalina-gallery.cz\/wp-content\/uploads\/2024\/02\/KOURBRONZV.40CM235tis-264x300.jpg 264w, https:\/\/www.kalina-gallery.cz\/wp-content\/uploads\/2024\/02\/KOURBRONZV.40CM235tis-768x873.jpg 768w, https:\/\/www.kalina-gallery.cz\/wp-content\/uploads\/2024\/02\/KOURBRONZV.40CM235tis-11x12.jpg 11w\" data-sizes=\"(max-width: 896px) 100vw, 896px\" src=\"data:image\/svg+xml;base64,PHN2ZyB3aWR0aD0iMSIgaGVpZ2h0PSIxIiB4bWxucz0iaHR0cDovL3d3dy53My5vcmcvMjAwMC9zdmciPjwvc3ZnPg==\" style=\"--smush-placeholder-width: 896px; --smush-placeholder-aspect-ratio: 896\/1018;\" \/>\t\t\t<\/a>\n\t\t<\/div>\n\t\t\t<\/div>\n\t\t<div class=\"qodef-e-content\" >\n\t\t\t<h5 itemprop=\"name\" class=\"qodef-e-title entry-title\" >\n\t<a itemprop=\"url\" class=\"qodef-e-title-link\" href=\"https:\/\/www.kalina-gallery.cz\/en\/dilo\/kour\/\">\n\t\tKou\u0159\t<\/a>\n<\/h5>\t\t\t<div class=\"qodef-e-info-category\">\n\t\t\t<a itemprop=\"url\" class=\"qodef-e-category\" href=\"https:\/\/www.kalina-gallery.cz\/en\/portfolio-category\/dilo\/\">\n\t\t\tD\u00edlo\t\t<\/a>\n\t<\/div>\n\t\t\t\t\t<\/div>\n\t<\/div>\n<\/article><article class=\"qodef-e qodef-grid-item qodef-item--full post-14385 portfolio-item type-portfolio-item status-publish has-post-thumbnail hentry portfolio-category-dilo portfolio-tag-milkov-stefan\">\n\t<div class=\"qodef-e-inner\" >\n\t\t<div class=\"qodef-e-image\">\n\t\t\t\t\t<div class=\"qodef-e-media-image\">\n\t\t\t<a itemprop=\"url\" href=\"https:\/\/www.kalina-gallery.cz\/en\/dilo\/muz-zasazeny-padlou-hvezdou\/\"\n\t\t\t\t\t\t\t>\n\t\t\t\t<img decoding=\"async\" width=\"1163\" height=\"2560\" data-src=\"https:\/\/www.kalina-gallery.cz\/wp-content\/uploads\/2024\/02\/MEMENTO-MORI2022BRONZV.58CM230tis-scaled.jpg\" class=\"attachment-full size-full wp-post-image lazyload\" alt=\"\" data-srcset=\"https:\/\/www.kalina-gallery.cz\/wp-content\/uploads\/2024\/02\/MEMENTO-MORI2022BRONZV.58CM230tis-scaled.jpg 1163w, https:\/\/www.kalina-gallery.cz\/wp-content\/uploads\/2024\/02\/MEMENTO-MORI2022BRONZV.58CM230tis-136x300.jpg 136w, https:\/\/www.kalina-gallery.cz\/wp-content\/uploads\/2024\/02\/MEMENTO-MORI2022BRONZV.58CM230tis-465x1024.jpg 465w, https:\/\/www.kalina-gallery.cz\/wp-content\/uploads\/2024\/02\/MEMENTO-MORI2022BRONZV.58CM230tis-768x1690.jpg 768w, https:\/\/www.kalina-gallery.cz\/wp-content\/uploads\/2024\/02\/MEMENTO-MORI2022BRONZV.58CM230tis-698x1536.jpg 698w, https:\/\/www.kalina-gallery.cz\/wp-content\/uploads\/2024\/02\/MEMENTO-MORI2022BRONZV.58CM230tis-931x2048.jpg 931w, https:\/\/www.kalina-gallery.cz\/wp-content\/uploads\/2024\/02\/MEMENTO-MORI2022BRONZV.58CM230tis-5x12.jpg 5w\" data-sizes=\"(max-width: 1163px) 100vw, 1163px\" src=\"data:image\/svg+xml;base64,PHN2ZyB3aWR0aD0iMSIgaGVpZ2h0PSIxIiB4bWxucz0iaHR0cDovL3d3dy53My5vcmcvMjAwMC9zdmciPjwvc3ZnPg==\" style=\"--smush-placeholder-width: 1163px; --smush-placeholder-aspect-ratio: 1163\/2560;\" \/>\t\t\t<\/a>\n\t\t<\/div>\n\t\t\t<\/div>\n\t\t<div class=\"qodef-e-content\" >\n\t\t\t<h5 itemprop=\"name\" class=\"qodef-e-title entry-title\" >\n\t<a itemprop=\"url\" class=\"qodef-e-title-link\" href=\"https:\/\/www.kalina-gallery.cz\/en\/dilo\/muz-zasazeny-padlou-hvezdou\/\">\n\t\tMemento Mori\t<\/a>\n<\/h5>\t\t\t<div class=\"qodef-e-info-category\">\n\t\t\t<a itemprop=\"url\" class=\"qodef-e-category\" href=\"https:\/\/www.kalina-gallery.cz\/en\/portfolio-category\/dilo\/\">\n\t\t\tD\u00edlo\t\t<\/a>\n\t<\/div>\n\t\t\t\t\t<\/div>\n\t<\/div>\n<\/article><article class=\"qodef-e qodef-grid-item qodef-item--full post-14379 portfolio-item type-portfolio-item status-publish has-post-thumbnail hentry portfolio-category-dilo portfolio-tag-milkov-stefan\">\n\t<div class=\"qodef-e-inner\" >\n\t\t<div class=\"qodef-e-image\">\n\t\t\t\t\t<div class=\"qodef-e-media-image\">\n\t\t\t<a itemprop=\"url\" href=\"https:\/\/www.kalina-gallery.cz\/en\/dilo\/pan-slunce\/\"\n\t\t\t\t\t\t\t>\n\t\t\t\t<img decoding=\"async\" width=\"572\" height=\"1080\" data-src=\"https:\/\/www.kalina-gallery.cz\/wp-content\/uploads\/2024\/02\/PAN-SLUNCELESTENY-BRONZV.55CM295tis.jpg\" class=\"attachment-full size-full wp-post-image lazyload\" alt=\"\" data-srcset=\"https:\/\/www.kalina-gallery.cz\/wp-content\/uploads\/2024\/02\/PAN-SLUNCELESTENY-BRONZV.55CM295tis.jpg 572w, https:\/\/www.kalina-gallery.cz\/wp-content\/uploads\/2024\/02\/PAN-SLUNCELESTENY-BRONZV.55CM295tis-159x300.jpg 159w, https:\/\/www.kalina-gallery.cz\/wp-content\/uploads\/2024\/02\/PAN-SLUNCELESTENY-BRONZV.55CM295tis-542x1024.jpg 542w, https:\/\/www.kalina-gallery.cz\/wp-content\/uploads\/2024\/02\/PAN-SLUNCELESTENY-BRONZV.55CM295tis-6x12.jpg 6w\" data-sizes=\"(max-width: 572px) 100vw, 572px\" src=\"data:image\/svg+xml;base64,PHN2ZyB3aWR0aD0iMSIgaGVpZ2h0PSIxIiB4bWxucz0iaHR0cDovL3d3dy53My5vcmcvMjAwMC9zdmciPjwvc3ZnPg==\" style=\"--smush-placeholder-width: 572px; --smush-placeholder-aspect-ratio: 572\/1080;\" \/>\t\t\t<\/a>\n\t\t<\/div>\n\t\t\t<\/div>\n\t\t<div class=\"qodef-e-content\" >\n\t\t\t<h5 itemprop=\"name\" class=\"qodef-e-title entry-title\" >\n\t<a itemprop=\"url\" class=\"qodef-e-title-link\" href=\"https:\/\/www.kalina-gallery.cz\/en\/dilo\/pan-slunce\/\">\n\t\tPan slunce\t<\/a>\n<\/h5>\t\t\t<div class=\"qodef-e-info-category\">\n\t\t\t<a itemprop=\"url\" class=\"qodef-e-category\" href=\"https:\/\/www.kalina-gallery.cz\/en\/portfolio-category\/dilo\/\">\n\t\t\tD\u00edlo\t\t<\/a>\n\t<\/div>\n\t\t\t\t\t<\/div>\n\t<\/div>\n<\/article><article class=\"qodef-e qodef-grid-item qodef-item--full post-14370 portfolio-item type-portfolio-item status-publish has-post-thumbnail hentry portfolio-category-dilo portfolio-tag-milkov-stefan\">\n\t<div class=\"qodef-e-inner\" >\n\t\t<div class=\"qodef-e-image\">\n\t\t\t\t\t<div class=\"qodef-e-media-image\">\n\t\t\t<a itemprop=\"url\" href=\"https:\/\/www.kalina-gallery.cz\/en\/dilo\/pieta\/\"\n\t\t\t\t\t\t\t>\n\t\t\t\t<img decoding=\"async\" width=\"901\" height=\"1080\" data-src=\"https:\/\/www.kalina-gallery.cz\/wp-content\/uploads\/2024\/02\/PATRIARCHA-2014polychr.bronzvyska-60-cm-295tis.jpg\" class=\"attachment-full size-full wp-post-image lazyload\" alt=\"\" data-srcset=\"https:\/\/www.kalina-gallery.cz\/wp-content\/uploads\/2024\/02\/PATRIARCHA-2014polychr.bronzvyska-60-cm-295tis.jpg 901w, https:\/\/www.kalina-gallery.cz\/wp-content\/uploads\/2024\/02\/PATRIARCHA-2014polychr.bronzvyska-60-cm-295tis-250x300.jpg 250w, https:\/\/www.kalina-gallery.cz\/wp-content\/uploads\/2024\/02\/PATRIARCHA-2014polychr.bronzvyska-60-cm-295tis-854x1024.jpg 854w, https:\/\/www.kalina-gallery.cz\/wp-content\/uploads\/2024\/02\/PATRIARCHA-2014polychr.bronzvyska-60-cm-295tis-768x921.jpg 768w, https:\/\/www.kalina-gallery.cz\/wp-content\/uploads\/2024\/02\/PATRIARCHA-2014polychr.bronzvyska-60-cm-295tis-10x12.jpg 10w\" data-sizes=\"(max-width: 901px) 100vw, 901px\" src=\"data:image\/svg+xml;base64,PHN2ZyB3aWR0aD0iMSIgaGVpZ2h0PSIxIiB4bWxucz0iaHR0cDovL3d3dy53My5vcmcvMjAwMC9zdmciPjwvc3ZnPg==\" style=\"--smush-placeholder-width: 901px; --smush-placeholder-aspect-ratio: 901\/1080;\" \/>\t\t\t<\/a>\n\t\t<\/div>\n\t\t\t<\/div>\n\t\t<div class=\"qodef-e-content\" >\n\t\t\t<h5 itemprop=\"name\" class=\"qodef-e-title entry-title\" >\n\t<a itemprop=\"url\" class=\"qodef-e-title-link\" href=\"https:\/\/www.kalina-gallery.cz\/en\/dilo\/pieta\/\">\n\t\tPatriarcha\t<\/a>\n<\/h5>\t\t\t<div class=\"qodef-e-info-category\">\n\t\t\t<a itemprop=\"url\" class=\"qodef-e-category\" href=\"https:\/\/www.kalina-gallery.cz\/en\/portfolio-category\/dilo\/\">\n\t\t\tD\u00edlo\t\t<\/a>\n\t<\/div>\n\t\t\t\t\t<\/div>\n\t<\/div>\n<\/article><article class=\"qodef-e qodef-grid-item qodef-item--full post-14364 portfolio-item type-portfolio-item status-publish has-post-thumbnail hentry portfolio-category-dilo portfolio-tag-milkov-stefan\">\n\t<div class=\"qodef-e-inner\" >\n\t\t<div class=\"qodef-e-image\">\n\t\t\t\t\t<div class=\"qodef-e-media-image\">\n\t\t\t<a itemprop=\"url\" href=\"https:\/\/www.kalina-gallery.cz\/en\/dilo\/socha-pohody\/\"\n\t\t\t\t\t\t\t>\n\t\t\t\t<img decoding=\"async\" width=\"1776\" height=\"2560\" data-src=\"https:\/\/www.kalina-gallery.cz\/wp-content\/uploads\/2024\/02\/SOCHA-POHODYBRONZ-V.42CM245tis.--scaled.jpg\" class=\"attachment-full size-full wp-post-image lazyload\" alt=\"\" data-srcset=\"https:\/\/www.kalina-gallery.cz\/wp-content\/uploads\/2024\/02\/SOCHA-POHODYBRONZ-V.42CM245tis.--scaled.jpg 1776w, https:\/\/www.kalina-gallery.cz\/wp-content\/uploads\/2024\/02\/SOCHA-POHODYBRONZ-V.42CM245tis.--208x300.jpg 208w, https:\/\/www.kalina-gallery.cz\/wp-content\/uploads\/2024\/02\/SOCHA-POHODYBRONZ-V.42CM245tis.--710x1024.jpg 710w, https:\/\/www.kalina-gallery.cz\/wp-content\/uploads\/2024\/02\/SOCHA-POHODYBRONZ-V.42CM245tis.--768x1107.jpg 768w, https:\/\/www.kalina-gallery.cz\/wp-content\/uploads\/2024\/02\/SOCHA-POHODYBRONZ-V.42CM245tis.--1065x1536.jpg 1065w, https:\/\/www.kalina-gallery.cz\/wp-content\/uploads\/2024\/02\/SOCHA-POHODYBRONZ-V.42CM245tis.--1421x2048.jpg 1421w, https:\/\/www.kalina-gallery.cz\/wp-content\/uploads\/2024\/02\/SOCHA-POHODYBRONZ-V.42CM245tis.--8x12.jpg 8w\" data-sizes=\"(max-width: 1776px) 100vw, 1776px\" src=\"data:image\/svg+xml;base64,PHN2ZyB3aWR0aD0iMSIgaGVpZ2h0PSIxIiB4bWxucz0iaHR0cDovL3d3dy53My5vcmcvMjAwMC9zdmciPjwvc3ZnPg==\" style=\"--smush-placeholder-width: 1776px; --smush-placeholder-aspect-ratio: 1776\/2560;\" \/>\t\t\t<\/a>\n\t\t<\/div>\n\t\t\t<\/div>\n\t\t<div class=\"qodef-e-content\" >\n\t\t\t<h5 itemprop=\"name\" class=\"qodef-e-title entry-title\" >\n\t<a itemprop=\"url\" class=\"qodef-e-title-link\" href=\"https:\/\/www.kalina-gallery.cz\/en\/dilo\/socha-pohody\/\">\n\t\tSocha pohody\t<\/a>\n<\/h5>\t\t\t<div class=\"qodef-e-info-category\">\n\t\t\t<a itemprop=\"url\" class=\"qodef-e-category\" href=\"https:\/\/www.kalina-gallery.cz\/en\/portfolio-category\/dilo\/\">\n\t\t\tD\u00edlo\t\t<\/a>\n\t<\/div>\n\t\t\t\t\t<\/div>\n\t<\/div>\n<\/article><article class=\"qodef-e qodef-grid-item qodef-item--full post-14359 portfolio-item type-portfolio-item status-publish has-post-thumbnail hentry portfolio-category-dilo portfolio-tag-milkov-stefan\">\n\t<div class=\"qodef-e-inner\" >\n\t\t<div class=\"qodef-e-image\">\n\t\t\t\t\t<div class=\"qodef-e-media-image\">\n\t\t\t<a itemprop=\"url\" href=\"https:\/\/www.kalina-gallery.cz\/en\/dilo\/stary-hrdina\/\"\n\t\t\t\t\t\t\t>\n\t\t\t\t<img decoding=\"async\" width=\"315\" height=\"694\" data-src=\"https:\/\/www.kalina-gallery.cz\/wp-content\/uploads\/2024\/02\/PIETA1989BRONZV.70CM295tis.jpg\" class=\"attachment-full size-full wp-post-image lazyload\" alt=\"\" data-srcset=\"https:\/\/www.kalina-gallery.cz\/wp-content\/uploads\/2024\/02\/PIETA1989BRONZV.70CM295tis.jpg 315w, https:\/\/www.kalina-gallery.cz\/wp-content\/uploads\/2024\/02\/PIETA1989BRONZV.70CM295tis-136x300.jpg 136w, https:\/\/www.kalina-gallery.cz\/wp-content\/uploads\/2024\/02\/PIETA1989BRONZV.70CM295tis-5x12.jpg 5w\" data-sizes=\"(max-width: 315px) 100vw, 315px\" src=\"data:image\/svg+xml;base64,PHN2ZyB3aWR0aD0iMSIgaGVpZ2h0PSIxIiB4bWxucz0iaHR0cDovL3d3dy53My5vcmcvMjAwMC9zdmciPjwvc3ZnPg==\" style=\"--smush-placeholder-width: 315px; --smush-placeholder-aspect-ratio: 315\/694;\" \/>\t\t\t<\/a>\n\t\t<\/div>\n\t\t\t<\/div>\n\t\t<div class=\"qodef-e-content\" >\n\t\t\t<h5 itemprop=\"name\" class=\"qodef-e-title entry-title\" >\n\t<a itemprop=\"url\" class=\"qodef-e-title-link\" href=\"https:\/\/www.kalina-gallery.cz\/en\/dilo\/stary-hrdina\/\">\n\t\tPieta\t<\/a>\n<\/h5>\t\t\t<div class=\"qodef-e-info-category\">\n\t\t\t<a itemprop=\"url\" class=\"qodef-e-category\" href=\"https:\/\/www.kalina-gallery.cz\/en\/portfolio-category\/dilo\/\">\n\t\t\tD\u00edlo\t\t<\/a>\n\t<\/div>\n\t\t\t\t\t<\/div>\n\t<\/div>\n<\/article><article class=\"qodef-e qodef-grid-item qodef-item--full post-14354 portfolio-item type-portfolio-item status-publish has-post-thumbnail hentry portfolio-category-dilo portfolio-tag-milkov-stefan\">\n\t<div class=\"qodef-e-inner\" >\n\t\t<div class=\"qodef-e-image\">\n\t\t\t\t\t<div class=\"qodef-e-media-image\">\n\t\t\t<a itemprop=\"url\" href=\"https:\/\/www.kalina-gallery.cz\/en\/dilo\/strazce-ii\/\"\n\t\t\t\t\t\t\t>\n\t\t\t\t<img decoding=\"async\" width=\"2282\" height=\"2560\" data-src=\"https:\/\/www.kalina-gallery.cz\/wp-content\/uploads\/2024\/02\/STRAZCE-II.1984LESTENY-BRONZV.60CM320tis-scaled.jpg\" class=\"attachment-full size-full wp-post-image lazyload\" alt=\"\" data-srcset=\"https:\/\/www.kalina-gallery.cz\/wp-content\/uploads\/2024\/02\/STRAZCE-II.1984LESTENY-BRONZV.60CM320tis-scaled.jpg 2282w, https:\/\/www.kalina-gallery.cz\/wp-content\/uploads\/2024\/02\/STRAZCE-II.1984LESTENY-BRONZV.60CM320tis-267x300.jpg 267w, https:\/\/www.kalina-gallery.cz\/wp-content\/uploads\/2024\/02\/STRAZCE-II.1984LESTENY-BRONZV.60CM320tis-913x1024.jpg 913w, https:\/\/www.kalina-gallery.cz\/wp-content\/uploads\/2024\/02\/STRAZCE-II.1984LESTENY-BRONZV.60CM320tis-768x862.jpg 768w, https:\/\/www.kalina-gallery.cz\/wp-content\/uploads\/2024\/02\/STRAZCE-II.1984LESTENY-BRONZV.60CM320tis-1369x1536.jpg 1369w, https:\/\/www.kalina-gallery.cz\/wp-content\/uploads\/2024\/02\/STRAZCE-II.1984LESTENY-BRONZV.60CM320tis-1825x2048.jpg 1825w, https:\/\/www.kalina-gallery.cz\/wp-content\/uploads\/2024\/02\/STRAZCE-II.1984LESTENY-BRONZV.60CM320tis-11x12.jpg 11w\" data-sizes=\"(max-width: 2282px) 100vw, 2282px\" src=\"data:image\/svg+xml;base64,PHN2ZyB3aWR0aD0iMSIgaGVpZ2h0PSIxIiB4bWxucz0iaHR0cDovL3d3dy53My5vcmcvMjAwMC9zdmciPjwvc3ZnPg==\" style=\"--smush-placeholder-width: 2282px; --smush-placeholder-aspect-ratio: 2282\/2560;\" \/>\t\t\t<\/a>\n\t\t<\/div>\n\t\t\t<\/div>\n\t\t<div class=\"qodef-e-content\" >\n\t\t\t<h5 itemprop=\"name\" class=\"qodef-e-title entry-title\" >\n\t<a itemprop=\"url\" class=\"qodef-e-title-link\" href=\"https:\/\/www.kalina-gallery.cz\/en\/dilo\/strazce-ii\/\">\n\t\tStr\u00e1\u017ece II\t<\/a>\n<\/h5>\t\t\t<div class=\"qodef-e-info-category\">\n\t\t\t<a itemprop=\"url\" class=\"qodef-e-category\" href=\"https:\/\/www.kalina-gallery.cz\/en\/portfolio-category\/dilo\/\">\n\t\t\tD\u00edlo\t\t<\/a>\n\t<\/div>\n\t\t\t\t\t<\/div>\n\t<\/div>\n<\/article><article class=\"qodef-e qodef-grid-item qodef-item--full post-14349 portfolio-item type-portfolio-item status-publish has-post-thumbnail hentry portfolio-category-dilo portfolio-tag-milkov-stefan\">\n\t<div class=\"qodef-e-inner\" >\n\t\t<div class=\"qodef-e-image\">\n\t\t\t\t\t<div class=\"qodef-e-media-image\">\n\t\t\t<a itemprop=\"url\" href=\"https:\/\/www.kalina-gallery.cz\/en\/dilo\/strazce\/\"\n\t\t\t\t\t\t\t>\n\t\t\t\t<img decoding=\"async\" width=\"371\" height=\"755\" data-src=\"https:\/\/www.kalina-gallery.cz\/wp-content\/uploads\/2024\/02\/STRAZCE2005bronzv.78-cm320tis.jpg\" class=\"attachment-full size-full wp-post-image lazyload\" alt=\"\" data-srcset=\"https:\/\/www.kalina-gallery.cz\/wp-content\/uploads\/2024\/02\/STRAZCE2005bronzv.78-cm320tis.jpg 371w, https:\/\/www.kalina-gallery.cz\/wp-content\/uploads\/2024\/02\/STRAZCE2005bronzv.78-cm320tis-147x300.jpg 147w, https:\/\/www.kalina-gallery.cz\/wp-content\/uploads\/2024\/02\/STRAZCE2005bronzv.78-cm320tis-6x12.jpg 6w\" data-sizes=\"(max-width: 371px) 100vw, 371px\" src=\"data:image\/svg+xml;base64,PHN2ZyB3aWR0aD0iMSIgaGVpZ2h0PSIxIiB4bWxucz0iaHR0cDovL3d3dy53My5vcmcvMjAwMC9zdmciPjwvc3ZnPg==\" style=\"--smush-placeholder-width: 371px; --smush-placeholder-aspect-ratio: 371\/755;\" \/>\t\t\t<\/a>\n\t\t<\/div>\n\t\t\t<\/div>\n\t\t<div class=\"qodef-e-content\" >\n\t\t\t<h5 itemprop=\"name\" class=\"qodef-e-title entry-title\" >\n\t<a itemprop=\"url\" class=\"qodef-e-title-link\" href=\"https:\/\/www.kalina-gallery.cz\/en\/dilo\/strazce\/\">\n\t\tStr\u00e1\u017ece\t<\/a>\n<\/h5>\t\t\t<div class=\"qodef-e-info-category\">\n\t\t\t<a itemprop=\"url\" class=\"qodef-e-category\" href=\"https:\/\/www.kalina-gallery.cz\/en\/portfolio-category\/dilo\/\">\n\t\t\tD\u00edlo\t\t<\/a>\n\t<\/div>\n\t\t\t\t\t<\/div>\n\t<\/div>\n<\/article><article class=\"qodef-e qodef-grid-item qodef-item--full post-14344 portfolio-item type-portfolio-item status-publish has-post-thumbnail hentry portfolio-category-dilo portfolio-tag-milkov-stefan\">\n\t<div class=\"qodef-e-inner\" >\n\t\t<div class=\"qodef-e-image\">\n\t\t\t\t\t<div class=\"qodef-e-media-image\">\n\t\t\t<a itemprop=\"url\" href=\"https:\/\/www.kalina-gallery.cz\/en\/dilo\/trun\/\"\n\t\t\t\t\t\t\t>\n\t\t\t\t<img decoding=\"async\" width=\"708\" height=\"1069\" data-src=\"https:\/\/www.kalina-gallery.cz\/wp-content\/uploads\/2024\/02\/TRUN1989BRONZV.80CM-395is.jpg\" class=\"attachment-full size-full wp-post-image lazyload\" alt=\"\" data-srcset=\"https:\/\/www.kalina-gallery.cz\/wp-content\/uploads\/2024\/02\/TRUN1989BRONZV.80CM-395is.jpg 708w, https:\/\/www.kalina-gallery.cz\/wp-content\/uploads\/2024\/02\/TRUN1989BRONZV.80CM-395is-199x300.jpg 199w, https:\/\/www.kalina-gallery.cz\/wp-content\/uploads\/2024\/02\/TRUN1989BRONZV.80CM-395is-678x1024.jpg 678w, https:\/\/www.kalina-gallery.cz\/wp-content\/uploads\/2024\/02\/TRUN1989BRONZV.80CM-395is-8x12.jpg 8w\" data-sizes=\"(max-width: 708px) 100vw, 708px\" src=\"data:image\/svg+xml;base64,PHN2ZyB3aWR0aD0iMSIgaGVpZ2h0PSIxIiB4bWxucz0iaHR0cDovL3d3dy53My5vcmcvMjAwMC9zdmciPjwvc3ZnPg==\" style=\"--smush-placeholder-width: 708px; --smush-placeholder-aspect-ratio: 708\/1069;\" \/>\t\t\t<\/a>\n\t\t<\/div>\n\t\t\t<\/div>\n\t\t<div class=\"qodef-e-content\" >\n\t\t\t<h5 itemprop=\"name\" class=\"qodef-e-title entry-title\" >\n\t<a itemprop=\"url\" class=\"qodef-e-title-link\" href=\"https:\/\/www.kalina-gallery.cz\/en\/dilo\/trun\/\">\n\t\tTr\u016fn\t<\/a>\n<\/h5>\t\t\t<div class=\"qodef-e-info-category\">\n\t\t\t<a itemprop=\"url\" class=\"qodef-e-category\" href=\"https:\/\/www.kalina-gallery.cz\/en\/portfolio-category\/dilo\/\">\n\t\t\tD\u00edlo\t\t<\/a>\n\t<\/div>\n\t\t\t\t\t<\/div>\n\t<\/div>\n<\/article><article class=\"qodef-e qodef-grid-item qodef-item--full post-14342 portfolio-item type-portfolio-item status-publish has-post-thumbnail hentry portfolio-category-dilo portfolio-tag-milkov-stefan\">\n\t<div class=\"qodef-e-inner\" >\n\t\t<div class=\"qodef-e-image\">\n\t\t\t\t\t<div class=\"qodef-e-media-image\">\n\t\t\t<a itemprop=\"url\" href=\"https:\/\/www.kalina-gallery.cz\/en\/dilo\/velka-matka\/\"\n\t\t\t\t\t\t\t>\n\t\t\t\t<img decoding=\"async\" width=\"279\" height=\"571\" data-src=\"https:\/\/www.kalina-gallery.cz\/wp-content\/uploads\/2024\/02\/VELKA-MATKABRONZV.42CM120tis.jpg\" class=\"attachment-full size-full wp-post-image lazyload\" alt=\"\" data-srcset=\"https:\/\/www.kalina-gallery.cz\/wp-content\/uploads\/2024\/02\/VELKA-MATKABRONZV.42CM120tis.jpg 279w, https:\/\/www.kalina-gallery.cz\/wp-content\/uploads\/2024\/02\/VELKA-MATKABRONZV.42CM120tis-147x300.jpg 147w, https:\/\/www.kalina-gallery.cz\/wp-content\/uploads\/2024\/02\/VELKA-MATKABRONZV.42CM120tis-6x12.jpg 6w\" data-sizes=\"(max-width: 279px) 100vw, 279px\" src=\"data:image\/svg+xml;base64,PHN2ZyB3aWR0aD0iMSIgaGVpZ2h0PSIxIiB4bWxucz0iaHR0cDovL3d3dy53My5vcmcvMjAwMC9zdmciPjwvc3ZnPg==\" style=\"--smush-placeholder-width: 279px; --smush-placeholder-aspect-ratio: 279\/571;\" \/>\t\t\t<\/a>\n\t\t<\/div>\n\t\t\t<\/div>\n\t\t<div class=\"qodef-e-content\" >\n\t\t\t<h5 itemprop=\"name\" class=\"qodef-e-title entry-title\" >\n\t<a itemprop=\"url\" class=\"qodef-e-title-link\" href=\"https:\/\/www.kalina-gallery.cz\/en\/dilo\/velka-matka\/\">\n\t\tVelk\u00e1 matka\t<\/a>\n<\/h5>\t\t\t<div class=\"qodef-e-info-category\">\n\t\t\t<a itemprop=\"url\" class=\"qodef-e-category\" href=\"https:\/\/www.kalina-gallery.cz\/en\/portfolio-category\/dilo\/\">\n\t\t\tD\u00edlo\t\t<\/a>\n\t<\/div>\n\t\t\t\t\t<\/div>\n\t<\/div>\n<\/article><article class=\"qodef-e qodef-grid-item qodef-item--full post-14337 portfolio-item type-portfolio-item status-publish has-post-thumbnail hentry portfolio-category-dilo portfolio-tag-milkov-stefan\">\n\t<div class=\"qodef-e-inner\" >\n\t\t<div class=\"qodef-e-image\">\n\t\t\t\t\t<div class=\"qodef-e-media-image\">\n\t\t\t<a itemprop=\"url\" href=\"https:\/\/www.kalina-gallery.cz\/en\/dilo\/vineus\/\"\n\t\t\t\t\t\t\t>\n\t\t\t\t<img decoding=\"async\" width=\"920\" height=\"2560\" data-src=\"https:\/\/www.kalina-gallery.cz\/wp-content\/uploads\/2024\/02\/VINEUSbronzv.42cm140tis-scaled.jpg\" class=\"attachment-full size-full wp-post-image lazyload\" alt=\"\" data-srcset=\"https:\/\/www.kalina-gallery.cz\/wp-content\/uploads\/2024\/02\/VINEUSbronzv.42cm140tis-scaled.jpg 920w, https:\/\/www.kalina-gallery.cz\/wp-content\/uploads\/2024\/02\/VINEUSbronzv.42cm140tis-108x300.jpg 108w, https:\/\/www.kalina-gallery.cz\/wp-content\/uploads\/2024\/02\/VINEUSbronzv.42cm140tis-368x1024.jpg 368w, https:\/\/www.kalina-gallery.cz\/wp-content\/uploads\/2024\/02\/VINEUSbronzv.42cm140tis-768x2136.jpg 768w, https:\/\/www.kalina-gallery.cz\/wp-content\/uploads\/2024\/02\/VINEUSbronzv.42cm140tis-552x1536.jpg 552w, https:\/\/www.kalina-gallery.cz\/wp-content\/uploads\/2024\/02\/VINEUSbronzv.42cm140tis-736x2048.jpg 736w, https:\/\/www.kalina-gallery.cz\/wp-content\/uploads\/2024\/02\/VINEUSbronzv.42cm140tis-4x12.jpg 4w\" data-sizes=\"(max-width: 920px) 100vw, 920px\" src=\"data:image\/svg+xml;base64,PHN2ZyB3aWR0aD0iMSIgaGVpZ2h0PSIxIiB4bWxucz0iaHR0cDovL3d3dy53My5vcmcvMjAwMC9zdmciPjwvc3ZnPg==\" style=\"--smush-placeholder-width: 920px; --smush-placeholder-aspect-ratio: 920\/2560;\" \/>\t\t\t<\/a>\n\t\t<\/div>\n\t\t\t<\/div>\n\t\t<div class=\"qodef-e-content\" >\n\t\t\t<h5 itemprop=\"name\" class=\"qodef-e-title entry-title\" >\n\t<a itemprop=\"url\" class=\"qodef-e-title-link\" href=\"https:\/\/www.kalina-gallery.cz\/en\/dilo\/vineus\/\">\n\t\tVineus\t<\/a>\n<\/h5>\t\t\t<div class=\"qodef-e-info-category\">\n\t\t\t<a itemprop=\"url\" class=\"qodef-e-category\" href=\"https:\/\/www.kalina-gallery.cz\/en\/portfolio-category\/dilo\/\">\n\t\t\tD\u00edlo\t\t<\/a>\n\t<\/div>\n\t\t\t\t\t<\/div>\n\t<\/div>\n<\/article><article class=\"qodef-e qodef-grid-item qodef-item--full post-14332 portfolio-item type-portfolio-item status-publish has-post-thumbnail hentry portfolio-category-dilo portfolio-tag-milkov-stefan\">\n\t<div class=\"qodef-e-inner\" >\n\t\t<div class=\"qodef-e-image\">\n\t\t\t\t\t<div class=\"qodef-e-media-image\">\n\t\t\t<a itemprop=\"url\" href=\"https:\/\/www.kalina-gallery.cz\/en\/dilo\/zlata-rana\/\"\n\t\t\t\t\t\t\t>\n\t\t\t\t<img decoding=\"async\" width=\"604\" height=\"456\" data-src=\"https:\/\/www.kalina-gallery.cz\/wp-content\/uploads\/2024\/02\/ZLATA-RANA2005bronz41x50x18-cm295tis.jpg\" class=\"attachment-full size-full wp-post-image lazyload\" alt=\"\" data-srcset=\"https:\/\/www.kalina-gallery.cz\/wp-content\/uploads\/2024\/02\/ZLATA-RANA2005bronz41x50x18-cm295tis.jpg 604w, https:\/\/www.kalina-gallery.cz\/wp-content\/uploads\/2024\/02\/ZLATA-RANA2005bronz41x50x18-cm295tis-300x226.jpg 300w, https:\/\/www.kalina-gallery.cz\/wp-content\/uploads\/2024\/02\/ZLATA-RANA2005bronz41x50x18-cm295tis-16x12.jpg 16w\" data-sizes=\"(max-width: 604px) 100vw, 604px\" src=\"data:image\/svg+xml;base64,PHN2ZyB3aWR0aD0iMSIgaGVpZ2h0PSIxIiB4bWxucz0iaHR0cDovL3d3dy53My5vcmcvMjAwMC9zdmciPjwvc3ZnPg==\" style=\"--smush-placeholder-width: 604px; --smush-placeholder-aspect-ratio: 604\/456;\" \/>\t\t\t<\/a>\n\t\t<\/div>\n\t\t\t<\/div>\n\t\t<div class=\"qodef-e-content\" >\n\t\t\t<h5 itemprop=\"name\" class=\"qodef-e-title entry-title\" >\n\t<a itemprop=\"url\" class=\"qodef-e-title-link\" href=\"https:\/\/www.kalina-gallery.cz\/en\/dilo\/zlata-rana\/\">\n\t\tZlat\u00e1 r\u00e1na\t<\/a>\n<\/h5>\t\t\t<div class=\"qodef-e-info-category\">\n\t\t\t<a itemprop=\"url\" class=\"qodef-e-category\" href=\"https:\/\/www.kalina-gallery.cz\/en\/portfolio-category\/dilo\/\">\n\t\t\tD\u00edlo\t\t<\/a>\n\t<\/div>\n\t\t\t\t\t<\/div>\n\t<\/div>\n<\/article><article class=\"qodef-e qodef-grid-item qodef-item--full post-14323 portfolio-item type-portfolio-item status-publish has-post-thumbnail hentry portfolio-category-dilo portfolio-tag-milkov-stefan\">\n\t<div class=\"qodef-e-inner\" >\n\t\t<div class=\"qodef-e-image\">\n\t\t\t\t\t<div class=\"qodef-e-media-image\">\n\t\t\t<a itemprop=\"url\" href=\"https:\/\/www.kalina-gallery.cz\/en\/dilo\/znovuzrozenec-2\/\"\n\t\t\t\t\t\t\t>\n\t\t\t\t<img decoding=\"async\" width=\"810\" height=\"1080\" data-src=\"https:\/\/www.kalina-gallery.cz\/wp-content\/uploads\/2024\/02\/ZNOVUZROZENECBRONZV.50CM280tis.jpg\" class=\"attachment-full size-full wp-post-image lazyload\" alt=\"\" data-srcset=\"https:\/\/www.kalina-gallery.cz\/wp-content\/uploads\/2024\/02\/ZNOVUZROZENECBRONZV.50CM280tis.jpg 810w, https:\/\/www.kalina-gallery.cz\/wp-content\/uploads\/2024\/02\/ZNOVUZROZENECBRONZV.50CM280tis-225x300.jpg 225w, https:\/\/www.kalina-gallery.cz\/wp-content\/uploads\/2024\/02\/ZNOVUZROZENECBRONZV.50CM280tis-768x1024.jpg 768w, https:\/\/www.kalina-gallery.cz\/wp-content\/uploads\/2024\/02\/ZNOVUZROZENECBRONZV.50CM280tis-9x12.jpg 9w, https:\/\/www.kalina-gallery.cz\/wp-content\/uploads\/2024\/02\/ZNOVUZROZENECBRONZV.50CM280tis-500x666.jpg 500w\" data-sizes=\"(max-width: 810px) 100vw, 810px\" src=\"data:image\/svg+xml;base64,PHN2ZyB3aWR0aD0iMSIgaGVpZ2h0PSIxIiB4bWxucz0iaHR0cDovL3d3dy53My5vcmcvMjAwMC9zdmciPjwvc3ZnPg==\" style=\"--smush-placeholder-width: 810px; --smush-placeholder-aspect-ratio: 810\/1080;\" \/>\t\t\t<\/a>\n\t\t<\/div>\n\t\t\t<\/div>\n\t\t<div class=\"qodef-e-content\" >\n\t\t\t<h5 itemprop=\"name\" class=\"qodef-e-title entry-title\" >\n\t<a itemprop=\"url\" class=\"qodef-e-title-link\" href=\"https:\/\/www.kalina-gallery.cz\/en\/dilo\/znovuzrozenec-2\/\">\n\t\tZnovuzrozenec\t<\/a>\n<\/h5>\t\t\t<div class=\"qodef-e-info-category\">\n\t\t\t<a itemprop=\"url\" class=\"qodef-e-category\" href=\"https:\/\/www.kalina-gallery.cz\/en\/portfolio-category\/dilo\/\">\n\t\t\tD\u00edlo\t\t<\/a>\n\t<\/div>\n\t\t\t\t\t<\/div>\n\t<\/div>\n<\/article><article class=\"qodef-e qodef-grid-item qodef-item--full post-14167 portfolio-item type-portfolio-item status-publish has-post-thumbnail hentry portfolio-category-dilo portfolio-tag-milkov-stefan\">\n\t<div class=\"qodef-e-inner\" >\n\t\t<div class=\"qodef-e-image\">\n\t\t\t\t\t<div class=\"qodef-e-media-image\">\n\t\t\t<a itemprop=\"url\" href=\"https:\/\/www.kalina-gallery.cz\/en\/dilo\/divan-japonais\/\"\n\t\t\t\t\t\t\t>\n\t\t\t\t<img decoding=\"async\" width=\"1232\" height=\"1232\" data-src=\"https:\/\/www.kalina-gallery.cz\/wp-content\/uploads\/2023\/12\/221.jpeg\" class=\"attachment-full size-full wp-post-image lazyload\" alt=\"\" data-srcset=\"https:\/\/www.kalina-gallery.cz\/wp-content\/uploads\/2023\/12\/221.jpeg 1232w, https:\/\/www.kalina-gallery.cz\/wp-content\/uploads\/2023\/12\/221-300x300.jpeg 300w, https:\/\/www.kalina-gallery.cz\/wp-content\/uploads\/2023\/12\/221-1024x1024.jpeg 1024w, https:\/\/www.kalina-gallery.cz\/wp-content\/uploads\/2023\/12\/221-150x150.jpeg 150w, https:\/\/www.kalina-gallery.cz\/wp-content\/uploads\/2023\/12\/221-768x768.jpeg 768w, https:\/\/www.kalina-gallery.cz\/wp-content\/uploads\/2023\/12\/221-12x12.jpeg 12w, https:\/\/www.kalina-gallery.cz\/wp-content\/uploads\/2023\/12\/221-650x650.jpeg 650w\" data-sizes=\"(max-width: 1232px) 100vw, 1232px\" src=\"data:image\/svg+xml;base64,PHN2ZyB3aWR0aD0iMSIgaGVpZ2h0PSIxIiB4bWxucz0iaHR0cDovL3d3dy53My5vcmcvMjAwMC9zdmciPjwvc3ZnPg==\" style=\"--smush-placeholder-width: 1232px; --smush-placeholder-aspect-ratio: 1232\/1232;\" \/>\t\t\t<\/a>\n\t\t<\/div>\n\t\t\t<\/div>\n\t\t<div class=\"qodef-e-content\" >\n\t\t\t<h5 itemprop=\"name\" class=\"qodef-e-title entry-title\" >\n\t<a itemprop=\"url\" class=\"qodef-e-title-link\" href=\"https:\/\/www.kalina-gallery.cz\/en\/dilo\/divan-japonais\/\">\n\t\tDivan Japonais\t<\/a>\n<\/h5>\t\t\t<div class=\"qodef-e-info-category\">\n\t\t\t<a itemprop=\"url\" class=\"qodef-e-category\" href=\"https:\/\/www.kalina-gallery.cz\/en\/portfolio-category\/dilo\/\">\n\t\t\tD\u00edlo\t\t<\/a>\n\t<\/div>\n\t\t\t\t\t<\/div>\n\t<\/div>\n<\/article>\t<\/div>\n\t<\/div>\t\t\t\t<\/div>\n\t\t\t\t<\/div>\n\t\t\t\t\t<\/div>\n\t\t<\/div>\n\t\t\t\t\t<\/div>\n\t\t<\/section>\n\t\t\t\t<\/div>\n\t\t","protected":false},"excerpt":{"rendered":"<p>Stefan Milkov (1955) je absolventem Vysok\u00e9 \u0161koly um\u011bleckopr\u016fmyslov\u00e9 v Praze, dnes ji\u017e pat\u0159\u00ed ke klasik\u016fm \u010desk\u00e9ho socha\u0159stv\u00ed, vstupuj\u00edc\u00edho na v\u00fdtvarnou sc\u00e9nu v druh\u00e9 polovin\u011b 80. let. Je spoluzakladatelem skupiny Tvrdohlav\u00fdch v roce 1987. \u017dije a tvo\u0159\u00ed v Praze.\u00a0 Jeho p\u0159\u00edstup k tvorb\u011b je postmodern\u00ed, ale je v n\u011bm skryt obdiv i ke klasick\u00e9mu modern\u00edmu socha\u0159stv\u00ed [&hellip;]<\/p>\n","protected":false},"author":2,"featured_media":14091,"parent":0,"menu_order":0,"comment_status":"closed","ping_status":"closed","template":"","meta":{"inline_featured_image":false,"iawp_total_views":289,"footnotes":""},"class_list":["post-14089","page","type-page","status-publish","has-post-thumbnail","hentry"],"yoast_head":"<!-- This site is optimized with the Yoast SEO plugin v27.2 - https:\/\/yoast.com\/product\/yoast-seo-wordpress\/ -->\n<title>Milkov Stefan &#8212; Kalina Gallery<\/title>\n<meta name=\"robots\" content=\"index, follow, max-snippet:-1, max-image-preview:large, max-video-preview:-1\" \/>\n<link rel=\"canonical\" href=\"https:\/\/www.kalina-gallery.cz\/en\/milkov-stefan\/\" \/>\n<meta property=\"og:locale\" content=\"en_US\" \/>\n<meta property=\"og:type\" content=\"article\" \/>\n<meta property=\"og:title\" content=\"Milkov Stefan &#8212; Kalina Gallery\" \/>\n<meta property=\"og:description\" content=\"Stefan Milkov (1955) je absolventem Vysok\u00e9 \u0161koly um\u011bleckopr\u016fmyslov\u00e9 v Praze, dnes ji\u017e pat\u0159\u00ed ke klasik\u016fm \u010desk\u00e9ho socha\u0159stv\u00ed, vstupuj\u00edc\u00edho na v\u00fdtvarnou sc\u00e9nu v druh\u00e9 polovin\u011b 80. let. Je spoluzakladatelem skupiny Tvrdohlav\u00fdch v roce 1987. \u017dije a tvo\u0159\u00ed v Praze.\u00a0 Jeho p\u0159\u00edstup k tvorb\u011b je postmodern\u00ed, ale je v n\u011bm skryt obdiv i ke klasick\u00e9mu modern\u00edmu socha\u0159stv\u00ed [&hellip;]\" \/>\n<meta property=\"og:url\" content=\"https:\/\/www.kalina-gallery.cz\/en\/milkov-stefan\/\" \/>\n<meta property=\"og:site_name\" content=\"Kalina Gallery\" \/>\n<meta property=\"article:publisher\" content=\"https:\/\/www.facebook.com\/Kalina-Gallery-240711577897794\/\" \/>\n<meta property=\"article:modified_time\" content=\"2024-02-06T14:30:18+00:00\" \/>\n<meta property=\"og:image\" content=\"https:\/\/www.kalina-gallery.cz\/wp-content\/uploads\/2023\/12\/221.jpeg\" \/>\n\t<meta property=\"og:image:width\" content=\"1232\" \/>\n\t<meta property=\"og:image:height\" content=\"1232\" \/>\n\t<meta property=\"og:image:type\" content=\"image\/jpeg\" \/>\n<meta name=\"twitter:card\" content=\"summary_large_image\" \/>\n<meta name=\"twitter:label1\" content=\"Est. reading time\" \/>\n\t<meta name=\"twitter:data1\" content=\"2 minutes\" \/>\n<script type=\"application\/ld+json\" class=\"yoast-schema-graph\">{\"@context\":\"https:\/\/schema.org\",\"@graph\":[{\"@type\":\"WebPage\",\"@id\":\"https:\/\/www.kalina-gallery.cz\/milkov-stefan\/\",\"url\":\"https:\/\/www.kalina-gallery.cz\/milkov-stefan\/\",\"name\":\"Milkov Stefan &#8212; Kalina Gallery\",\"isPartOf\":{\"@id\":\"https:\/\/www.kalina-gallery.cz\/#website\"},\"primaryImageOfPage\":{\"@id\":\"https:\/\/www.kalina-gallery.cz\/milkov-stefan\/#primaryimage\"},\"image\":{\"@id\":\"https:\/\/www.kalina-gallery.cz\/milkov-stefan\/#primaryimage\"},\"thumbnailUrl\":\"https:\/\/www.kalina-gallery.cz\/wp-content\/uploads\/2023\/12\/221.jpeg\",\"datePublished\":\"2023-12-11T11:17:04+00:00\",\"dateModified\":\"2024-02-06T14:30:18+00:00\",\"breadcrumb\":{\"@id\":\"https:\/\/www.kalina-gallery.cz\/milkov-stefan\/#breadcrumb\"},\"inLanguage\":\"en-US\",\"potentialAction\":[{\"@type\":\"ReadAction\",\"target\":[\"https:\/\/www.kalina-gallery.cz\/milkov-stefan\/\"]}]},{\"@type\":\"ImageObject\",\"inLanguage\":\"en-US\",\"@id\":\"https:\/\/www.kalina-gallery.cz\/milkov-stefan\/#primaryimage\",\"url\":\"https:\/\/www.kalina-gallery.cz\/wp-content\/uploads\/2023\/12\/221.jpeg\",\"contentUrl\":\"https:\/\/www.kalina-gallery.cz\/wp-content\/uploads\/2023\/12\/221.jpeg\",\"width\":1232,\"height\":1232},{\"@type\":\"BreadcrumbList\",\"@id\":\"https:\/\/www.kalina-gallery.cz\/milkov-stefan\/#breadcrumb\",\"itemListElement\":[{\"@type\":\"ListItem\",\"position\":1,\"name\":\"Dom\u016f\",\"item\":\"https:\/\/www.kalina-gallery.cz\/\"},{\"@type\":\"ListItem\",\"position\":2,\"name\":\"Milkov Stefan\"}]},{\"@type\":\"WebSite\",\"@id\":\"https:\/\/www.kalina-gallery.cz\/#website\",\"url\":\"https:\/\/www.kalina-gallery.cz\/\",\"name\":\"Kalina Gallery\",\"description\":\"V\u00fdstavn\u00ed s\u00ed\u0148 v centru Brna\",\"publisher\":{\"@id\":\"https:\/\/www.kalina-gallery.cz\/#organization\"},\"potentialAction\":[{\"@type\":\"SearchAction\",\"target\":{\"@type\":\"EntryPoint\",\"urlTemplate\":\"https:\/\/www.kalina-gallery.cz\/?s={search_term_string}\"},\"query-input\":{\"@type\":\"PropertyValueSpecification\",\"valueRequired\":true,\"valueName\":\"search_term_string\"}}],\"inLanguage\":\"en-US\"},{\"@type\":\"Organization\",\"@id\":\"https:\/\/www.kalina-gallery.cz\/#organization\",\"name\":\"Kalina Gallery\",\"url\":\"https:\/\/www.kalina-gallery.cz\/\",\"logo\":{\"@type\":\"ImageObject\",\"inLanguage\":\"en-US\",\"@id\":\"https:\/\/www.kalina-gallery.cz\/#\/schema\/logo\/image\/\",\"url\":\"https:\/\/www.kalina-gallery.cz\/wp-content\/uploads\/2021\/08\/cropped-k.png\",\"contentUrl\":\"https:\/\/www.kalina-gallery.cz\/wp-content\/uploads\/2021\/08\/cropped-k.png\",\"width\":512,\"height\":512,\"caption\":\"Kalina Gallery\"},\"image\":{\"@id\":\"https:\/\/www.kalina-gallery.cz\/#\/schema\/logo\/image\/\"},\"sameAs\":[\"https:\/\/www.facebook.com\/Kalina-Gallery-240711577897794\/\",\"https:\/\/www.instagram.com\/kalinagallery1\/\"]}]}<\/script>\n<!-- \/ Yoast SEO plugin. -->","yoast_head_json":{"title":"Milkov Stefan &#8212; Kalina Gallery","robots":{"index":"index","follow":"follow","max-snippet":"max-snippet:-1","max-image-preview":"max-image-preview:large","max-video-preview":"max-video-preview:-1"},"canonical":"https:\/\/www.kalina-gallery.cz\/en\/milkov-stefan\/","og_locale":"en_US","og_type":"article","og_title":"Milkov Stefan &#8212; Kalina Gallery","og_description":"Stefan Milkov (1955) je absolventem Vysok\u00e9 \u0161koly um\u011bleckopr\u016fmyslov\u00e9 v Praze, dnes ji\u017e pat\u0159\u00ed ke klasik\u016fm \u010desk\u00e9ho socha\u0159stv\u00ed, vstupuj\u00edc\u00edho na v\u00fdtvarnou sc\u00e9nu v druh\u00e9 polovin\u011b 80. let. Je spoluzakladatelem skupiny Tvrdohlav\u00fdch v roce 1987. \u017dije a tvo\u0159\u00ed v Praze.\u00a0 Jeho p\u0159\u00edstup k tvorb\u011b je postmodern\u00ed, ale je v n\u011bm skryt obdiv i ke klasick\u00e9mu modern\u00edmu socha\u0159stv\u00ed [&hellip;]","og_url":"https:\/\/www.kalina-gallery.cz\/en\/milkov-stefan\/","og_site_name":"Kalina Gallery","article_publisher":"https:\/\/www.facebook.com\/Kalina-Gallery-240711577897794\/","article_modified_time":"2024-02-06T14:30:18+00:00","og_image":[{"width":1232,"height":1232,"url":"https:\/\/www.kalina-gallery.cz\/wp-content\/uploads\/2023\/12\/221.jpeg","type":"image\/jpeg"}],"twitter_card":"summary_large_image","twitter_misc":{"Est. reading time":"2 minutes"},"schema":{"@context":"https:\/\/schema.org","@graph":[{"@type":"WebPage","@id":"https:\/\/www.kalina-gallery.cz\/milkov-stefan\/","url":"https:\/\/www.kalina-gallery.cz\/milkov-stefan\/","name":"Milkov Stefan &#8212; Kalina Gallery","isPartOf":{"@id":"https:\/\/www.kalina-gallery.cz\/#website"},"primaryImageOfPage":{"@id":"https:\/\/www.kalina-gallery.cz\/milkov-stefan\/#primaryimage"},"image":{"@id":"https:\/\/www.kalina-gallery.cz\/milkov-stefan\/#primaryimage"},"thumbnailUrl":"https:\/\/www.kalina-gallery.cz\/wp-content\/uploads\/2023\/12\/221.jpeg","datePublished":"2023-12-11T11:17:04+00:00","dateModified":"2024-02-06T14:30:18+00:00","breadcrumb":{"@id":"https:\/\/www.kalina-gallery.cz\/milkov-stefan\/#breadcrumb"},"inLanguage":"en-US","potentialAction":[{"@type":"ReadAction","target":["https:\/\/www.kalina-gallery.cz\/milkov-stefan\/"]}]},{"@type":"ImageObject","inLanguage":"en-US","@id":"https:\/\/www.kalina-gallery.cz\/milkov-stefan\/#primaryimage","url":"https:\/\/www.kalina-gallery.cz\/wp-content\/uploads\/2023\/12\/221.jpeg","contentUrl":"https:\/\/www.kalina-gallery.cz\/wp-content\/uploads\/2023\/12\/221.jpeg","width":1232,"height":1232},{"@type":"BreadcrumbList","@id":"https:\/\/www.kalina-gallery.cz\/milkov-stefan\/#breadcrumb","itemListElement":[{"@type":"ListItem","position":1,"name":"Dom\u016f","item":"https:\/\/www.kalina-gallery.cz\/"},{"@type":"ListItem","position":2,"name":"Milkov Stefan"}]},{"@type":"WebSite","@id":"https:\/\/www.kalina-gallery.cz\/#website","url":"https:\/\/www.kalina-gallery.cz\/","name":"Kalina Gallery","description":"V\u00fdstavn\u00ed s\u00ed\u0148 v centru Brna","publisher":{"@id":"https:\/\/www.kalina-gallery.cz\/#organization"},"potentialAction":[{"@type":"SearchAction","target":{"@type":"EntryPoint","urlTemplate":"https:\/\/www.kalina-gallery.cz\/?s={search_term_string}"},"query-input":{"@type":"PropertyValueSpecification","valueRequired":true,"valueName":"search_term_string"}}],"inLanguage":"en-US"},{"@type":"Organization","@id":"https:\/\/www.kalina-gallery.cz\/#organization","name":"Kalina Gallery","url":"https:\/\/www.kalina-gallery.cz\/","logo":{"@type":"ImageObject","inLanguage":"en-US","@id":"https:\/\/www.kalina-gallery.cz\/#\/schema\/logo\/image\/","url":"https:\/\/www.kalina-gallery.cz\/wp-content\/uploads\/2021\/08\/cropped-k.png","contentUrl":"https:\/\/www.kalina-gallery.cz\/wp-content\/uploads\/2021\/08\/cropped-k.png","width":512,"height":512,"caption":"Kalina Gallery"},"image":{"@id":"https:\/\/www.kalina-gallery.cz\/#\/schema\/logo\/image\/"},"sameAs":["https:\/\/www.facebook.com\/Kalina-Gallery-240711577897794\/","https:\/\/www.instagram.com\/kalinagallery1\/"]}]}},"_links":{"self":[{"href":"https:\/\/www.kalina-gallery.cz\/en\/wp-json\/wp\/v2\/pages\/14089","targetHints":{"allow":["GET"]}}],"collection":[{"href":"https:\/\/www.kalina-gallery.cz\/en\/wp-json\/wp\/v2\/pages"}],"about":[{"href":"https:\/\/www.kalina-gallery.cz\/en\/wp-json\/wp\/v2\/types\/page"}],"author":[{"embeddable":true,"href":"https:\/\/www.kalina-gallery.cz\/en\/wp-json\/wp\/v2\/users\/2"}],"replies":[{"embeddable":true,"href":"https:\/\/www.kalina-gallery.cz\/en\/wp-json\/wp\/v2\/comments?post=14089"}],"version-history":[{"count":0,"href":"https:\/\/www.kalina-gallery.cz\/en\/wp-json\/wp\/v2\/pages\/14089\/revisions"}],"wp:featuredmedia":[{"embeddable":true,"href":"https:\/\/www.kalina-gallery.cz\/en\/wp-json\/wp\/v2\/media\/14091"}],"wp:attachment":[{"href":"https:\/\/www.kalina-gallery.cz\/en\/wp-json\/wp\/v2\/media?parent=14089"}],"curies":[{"name":"wp","href":"https:\/\/api.w.org\/{rel}","templated":true}]}}